{"id":9501,"date":"2018-09-28T15:17:04","date_gmt":"2018-09-28T13:17:04","guid":{"rendered":"https:\/\/spirit-of-football.de\/wp-content\/uploads\/sites\/12\/2018\/09\/Buergerpreis-2018-Spirit-of-Football-4-c-Christian-Thiel.jpg"},"modified":"2018-09-28T15:42:37","modified_gmt":"2018-09-28T13:42:37","slug":"europaeischer-buergerpreis-2018-4","status":"inherit","type":"attachment","link":"https:\/\/spirit-of-football.de\/en\/2018\/09\/28\/verleihung-des-europaeischen-buergerpreis-2018\/europaeischer-buergerpreis-2018-4\/","title":{"rendered":"European Citizens Prize 2018"},"author":8,"featured_media":0,"comment_status":"open","ping_status":"closed","template":"","meta":{"_acf_changed":false},"class_list":["post-9501","attachment","type-attachment","status-inherit","hentry"],"acf":[],"jetpack_sharing_enabled":true,"description":{"rendered":"<p class=\"attachment\"><a href='https:\/\/spirit-of-football.de\/wp-content\/uploads\/sites\/12\/2018\/09\/Buergerpreis-2018-Spirit-of-Football-4-c-Christian-Thiel.jpg'><img loading=\"lazy\" decoding=\"async\" width=\"300\" height=\"200\" src=\"https:\/\/spirit-of-football.de\/wp-content\/uploads\/sites\/12\/2018\/09\/Buergerpreis-2018-Spirit-of-Football-4-c-Christian-Thiel-300x200.jpg\" class=\"attachment-medium size-medium\" alt=\"\" srcset=\"https:\/\/spirit-of-football.de\/wp-content\/uploads\/sites\/12\/2018\/09\/Buergerpreis-2018-Spirit-of-Football-4-c-Christian-Thiel-300x200.jpg 300w, https:\/\/spirit-of-football.de\/wp-content\/uploads\/sites\/12\/2018\/09\/Buergerpreis-2018-Spirit-of-Football-4-c-Christian-Thiel-18x12.jpg 18w, https:\/\/spirit-of-football.de\/wp-content\/uploads\/sites\/12\/2018\/09\/Buergerpreis-2018-Spirit-of-Football-4-c-Christian-Thiel-1080x720.jpg 1080w, https:\/\/spirit-of-football.de\/wp-content\/uploads\/sites\/12\/2018\/09\/Buergerpreis-2018-Spirit-of-Football-4-c-Christian-Thiel-480x320.jpg 480w, https:\/\/spirit-of-football.de\/wp-content\/uploads\/sites\/12\/2018\/09\/Buergerpreis-2018-Spirit-of-Football-4-c-Christian-Thiel-640x427.jpg 640w, https:\/\/spirit-of-football.de\/wp-content\/uploads\/sites\/12\/2018\/09\/Buergerpreis-2018-Spirit-of-Football-4-c-Christian-Thiel-618x412.jpg 618w, https:\/\/spirit-of-football.de\/wp-content\/uploads\/sites\/12\/2018\/09\/Buergerpreis-2018-Spirit-of-Football-4-c-Christian-Thiel-240x160.jpg 240w, https:\/\/spirit-of-football.de\/wp-content\/uploads\/sites\/12\/2018\/09\/Buergerpreis-2018-Spirit-of-Football-4-c-Christian-Thiel-980x653.jpg 980w, https:\/\/spirit-of-football.de\/wp-content\/uploads\/sites\/12\/2018\/09\/Buergerpreis-2018-Spirit-of-Football-4-c-Christian-Thiel-768x512.jpg 768w, https:\/\/spirit-of-football.de\/wp-content\/uploads\/sites\/12\/2018\/09\/Buergerpreis-2018-Spirit-of-Football-4-c-Christian-Thiel-1024x682.jpg 1024w, https:\/\/spirit-of-football.de\/wp-content\/uploads\/sites\/12\/2018\/09\/Buergerpreis-2018-Spirit-of-Football-4-c-Christian-Thiel-450x300.jpg 450w, https:\/\/spirit-of-football.de\/wp-content\/uploads\/sites\/12\/2018\/09\/Buergerpreis-2018-Spirit-of-Football-4-c-Christian-Thiel.jpg 1280w\" sizes=\"auto, (max-width: 300px) 100vw, 300px\" data-attachment-id=\"9501\" data-permalink=\"https:\/\/spirit-of-football.de\/en\/2018\/09\/28\/verleihung-des-europaeischen-buergerpreis-2018\/europaeischer-buergerpreis-2018-4\/\" data-orig-file=\"https:\/\/spirit-of-football.de\/wp-content\/uploads\/sites\/12\/2018\/09\/Buergerpreis-2018-Spirit-of-Football-4-c-Christian-Thiel.jpg\" data-orig-size=\"1280,853\" data-comments-opened=\"1\" data-image-meta=\"{&quot;aperture&quot;:&quot;3.5&quot;,&quot;credit&quot;:&quot;Christian Thiel&quot;,&quot;camera&quot;:&quot;Canon EOS 5D Mark III&quot;,&quot;caption&quot;:&quot;Deutschland, Berlin, Europ\\u00e4isches Haus Berlin, Verleihung des Europ\\u00e4ischen B\\u00fcrgerpreises 2018, 24.09.2018\\rFoto: Christian Thiel, ( email: mail@cthiel.com, mobil: +49(0)177-4815403, Nutzung nur mit Honorar, Belegexemplar, Namensnennung \\rno modelrelease )&quot;,&quot;created_timestamp&quot;:&quot;1537791874&quot;,&quot;copyright&quot;:&quot;Christian Thiel&quot;,&quot;focal_length&quot;:&quot;125&quot;,&quot;iso&quot;:&quot;1600&quot;,&quot;shutter_speed&quot;:&quot;0.00625&quot;,&quot;title&quot;:&quot;Europ\\u00e4ischer B\\u00fcrgerpreis 2018&quot;,&quot;orientation&quot;:&quot;0&quot;}\" data-image-title=\"Europ\u00e4ischer B\u00fcrgerpreis 2018\" data-image-description=\"\" data-image-caption=\"&lt;p&gt;Sven und Andrew bei der Dankesrede. Foto: Christian Thiel&lt;\/p&gt;\n\" data-large-file=\"https:\/\/spirit-of-football.de\/wp-content\/uploads\/sites\/12\/2018\/09\/Buergerpreis-2018-Spirit-of-Football-4-c-Christian-Thiel-1024x682.jpg\" \/><\/a><\/p>\n"},"caption":{"rendered":"<p>Sven und Andrew bei der Dankesrede. Foto: Christian Thiel<\/p>\n"},"alt_text":"","media_type":"image","mime_type":"image\/jpeg","media_details":{"width":1280,"height":853,"file":"2018\/09\/Buergerpreis-2018-Spirit-of-Football-4-c-Christian-Thiel.jpg","filesize":149393,"sizes":{"trp-custom-language-flag":{"file":"Buergerpreis-2018-Spirit-of-Football-4-c-Christian-Thiel-18x12.jpg","width":18,"height":12,"filesize":847,"mime_type":"image\/jpeg","source_url":"https:\/\/spirit-of-football.de\/wp-content\/uploads\/sites\/12\/2018\/09\/Buergerpreis-2018-Spirit-of-Football-4-c-Christian-Thiel-18x12.jpg"},"the-ball-v2-feature":{"file":"Buergerpreis-2018-Spirit-of-Football-4-c-Christian-Thiel-1080x720.jpg","width":1080,"height":720,"filesize":91760,"mime_type":"image\/jpeg","source_url":"https:\/\/spirit-of-football.de\/wp-content\/uploads\/sites\/12\/2018\/09\/Buergerpreis-2018-Spirit-of-Football-4-c-Christian-Thiel-1080x720.jpg"},"the-ball-v2-listings":{"file":"Buergerpreis-2018-Spirit-of-Football-4-c-Christian-Thiel-480x320.jpg","width":480,"height":320,"filesize":26555,"mime_type":"image\/jpeg","source_url":"https:\/\/spirit-of-football.de\/wp-content\/uploads\/sites\/12\/2018\/09\/Buergerpreis-2018-Spirit-of-Football-4-c-Christian-Thiel-480x320.jpg"},"medium-640":{"file":"Buergerpreis-2018-Spirit-of-Football-4-c-Christian-Thiel-640x427.jpg","width":640,"height":427,"filesize":41509,"mime_type":"image\/jpeg","source_url":"https:\/\/spirit-of-football.de\/wp-content\/uploads\/sites\/12\/2018\/09\/Buergerpreis-2018-Spirit-of-Football-4-c-Christian-Thiel-640x427.jpg"},"medium-618":{"file":"Buergerpreis-2018-Spirit-of-Football-4-c-Christian-Thiel-618x412.jpg","width":618,"height":412,"filesize":39045,"mime_type":"image\/jpeg","source_url":"https:\/\/spirit-of-football.de\/wp-content\/uploads\/sites\/12\/2018\/09\/Buergerpreis-2018-Spirit-of-Football-4-c-Christian-Thiel-618x412.jpg"},"thumbnail-240":{"file":"Buergerpreis-2018-Spirit-of-Football-4-c-Christian-Thiel-240x160.jpg","width":240,"height":160,"filesize":9676,"mime_type":"image\/jpeg","source_url":"https:\/\/spirit-of-football.de\/wp-content\/uploads\/sites\/12\/2018\/09\/Buergerpreis-2018-Spirit-of-Football-4-c-Christian-Thiel-240x160.jpg"},"980x980":{"file":"Buergerpreis-2018-Spirit-of-Football-4-c-Christian-Thiel-980x653.jpg","width":980,"height":653,"filesize":79286,"mime_type":"image\/jpeg","source_url":"https:\/\/spirit-of-football.de\/wp-content\/uploads\/sites\/12\/2018\/09\/Buergerpreis-2018-Spirit-of-Football-4-c-Christian-Thiel-980x653.jpg"},"pledge-quote":{"file":"Buergerpreis-2018-Spirit-of-Football-4-c-Christian-Thiel-681x853.jpg","width":681,"height":853,"filesize":87496,"mime_type":"image\/jpeg","source_url":"https:\/\/spirit-of-football.de\/wp-content\/uploads\/sites\/12\/2018\/09\/Buergerpreis-2018-Spirit-of-Football-4-c-Christian-Thiel-681x853.jpg"},"individual-avatar":{"file":"Buergerpreis-2018-Spirit-of-Football-4-c-Christian-Thiel-640x640.jpg","width":640,"height":640,"filesize":57453,"mime_type":"image\/jpeg","source_url":"https:\/\/spirit-of-football.de\/wp-content\/uploads\/sites\/12\/2018\/09\/Buergerpreis-2018-Spirit-of-Football-4-c-Christian-Thiel-640x640.jpg"},"thumbnail":{"file":"Buergerpreis-2018-Spirit-of-Football-4-c-Christian-Thiel-80x80.jpg","width":80,"height":80,"mime_type":"image\/jpeg","source_url":"https:\/\/spirit-of-football.de\/wp-content\/uploads\/sites\/12\/2018\/09\/Buergerpreis-2018-Spirit-of-Football-4-c-Christian-Thiel-80x80.jpg"},"medium":{"file":"Buergerpreis-2018-Spirit-of-Football-4-c-Christian-Thiel-300x200.jpg","width":300,"height":200,"mime_type":"image\/jpeg","source_url":"https:\/\/spirit-of-football.de\/wp-content\/uploads\/sites\/12\/2018\/09\/Buergerpreis-2018-Spirit-of-Football-4-c-Christian-Thiel-300x200.jpg"},"medium_large":{"file":"Buergerpreis-2018-Spirit-of-Football-4-c-Christian-Thiel-768x512.jpg","width":768,"height":512,"mime_type":"image\/jpeg","source_url":"https:\/\/spirit-of-football.de\/wp-content\/uploads\/sites\/12\/2018\/09\/Buergerpreis-2018-Spirit-of-Football-4-c-Christian-Thiel-768x512.jpg"},"large":{"file":"Buergerpreis-2018-Spirit-of-Football-4-c-Christian-Thiel-1024x682.jpg","width":1024,"height":682,"mime_type":"image\/jpeg","source_url":"https:\/\/spirit-of-football.de\/wp-content\/uploads\/sites\/12\/2018\/09\/Buergerpreis-2018-Spirit-of-Football-4-c-Christian-Thiel-1024x682.jpg"},"commentpress-feature":{"file":"Buergerpreis-2018-Spirit-of-Football-4-c-Christian-Thiel-1200x600.jpg","width":1200,"height":600,"mime_type":"image\/jpeg","source_url":"https:\/\/spirit-of-football.de\/wp-content\/uploads\/sites\/12\/2018\/09\/Buergerpreis-2018-Spirit-of-Football-4-c-Christian-Thiel-1200x600.jpg"},"post-thumbnail":{"file":"Buergerpreis-2018-Spirit-of-Football-4-c-Christian-Thiel-1000x360.jpg","width":1000,"height":360,"mime_type":"image\/jpeg","source_url":"https:\/\/spirit-of-football.de\/wp-content\/uploads\/sites\/12\/2018\/09\/Buergerpreis-2018-Spirit-of-Football-4-c-Christian-Thiel-1000x360.jpg"},"post-image":{"file":"Buergerpreis-2018-Spirit-of-Football-4-c-Christian-Thiel-674x140.jpg","width":674,"height":140,"mime_type":"image\/jpeg","source_url":"https:\/\/spirit-of-football.de\/wp-content\/uploads\/sites\/12\/2018\/09\/Buergerpreis-2018-Spirit-of-Football-4-c-Christian-Thiel-674x140.jpg"},"slider-full":{"file":"Buergerpreis-2018-Spirit-of-Football-4-c-Christian-Thiel-980x360.jpg","width":980,"height":360,"mime_type":"image\/jpeg","source_url":"https:\/\/spirit-of-football.de\/wp-content\/uploads\/sites\/12\/2018\/09\/Buergerpreis-2018-Spirit-of-Football-4-c-Christian-Thiel-980x360.jpg"},"thumbnail-large":{"file":"Buergerpreis-2018-Spirit-of-Football-4-c-Christian-Thiel-600x200.jpg","width":600,"height":200,"mime_type":"image\/jpeg","source_url":"https:\/\/spirit-of-football.de\/wp-content\/uploads\/sites\/12\/2018\/09\/Buergerpreis-2018-Spirit-of-Football-4-c-Christian-Thiel-600x200.jpg"},"thumbnail-post":{"file":"Buergerpreis-2018-Spirit-of-Football-4-c-Christian-Thiel-210x160.jpg","width":210,"height":160,"mime_type":"image\/jpeg","source_url":"https:\/\/spirit-of-football.de\/wp-content\/uploads\/sites\/12\/2018\/09\/Buergerpreis-2018-Spirit-of-Football-4-c-Christian-Thiel-210x160.jpg"},"slider-image":{"file":"Buergerpreis-2018-Spirit-of-Football-4-c-Christian-Thiel-635x344.jpg","width":635,"height":344,"mime_type":"image\/jpeg","source_url":"https:\/\/spirit-of-football.de\/wp-content\/uploads\/sites\/12\/2018\/09\/Buergerpreis-2018-Spirit-of-Football-4-c-Christian-Thiel-635x344.jpg"},"large-feature":{"file":"Buergerpreis-2018-Spirit-of-Football-4-c-Christian-Thiel-1000x360.jpg","width":1000,"height":360,"mime_type":"image\/jpeg","source_url":"https:\/\/spirit-of-football.de\/wp-content\/uploads\/sites\/12\/2018\/09\/Buergerpreis-2018-Spirit-of-Football-4-c-Christian-Thiel-1000x360.jpg"},"small-feature":{"file":"Buergerpreis-2018-Spirit-of-Football-4-c-Christian-Thiel-450x300.jpg","width":450,"height":300,"mime_type":"image\/jpeg","source_url":"https:\/\/spirit-of-football.de\/wp-content\/uploads\/sites\/12\/2018\/09\/Buergerpreis-2018-Spirit-of-Football-4-c-Christian-Thiel-450x300.jpg"},"Bannerbild":{"file":"Buergerpreis-2018-Spirit-of-Football-4-c-Christian-Thiel-547x231.jpg","width":547,"height":231,"mime_type":"image\/jpeg","source_url":"https:\/\/spirit-of-football.de\/wp-content\/uploads\/sites\/12\/2018\/09\/Buergerpreis-2018-Spirit-of-Football-4-c-Christian-Thiel-547x231.jpg"},"Bild im Text":{"file":"Buergerpreis-2018-Spirit-of-Football-4-c-Christian-Thiel-200x130.jpg","width":200,"height":130,"mime_type":"image\/jpeg","source_url":"https:\/\/spirit-of-football.de\/wp-content\/uploads\/sites\/12\/2018\/09\/Buergerpreis-2018-Spirit-of-Football-4-c-Christian-Thiel-200x130.jpg"},"gallerie":{"file":"Buergerpreis-2018-Spirit-of-Football-4-c-Christian-Thiel-150x150.jpg","width":150,"height":150,"mime_type":"image\/jpeg","source_url":"https:\/\/spirit-of-football.de\/wp-content\/uploads\/sites\/12\/2018\/09\/Buergerpreis-2018-Spirit-of-Football-4-c-Christian-Thiel-150x150.jpg"},"bannerbild":{"file":"Buergerpreis-2018-Spirit-of-Football-4-c-Christian-Thiel-640x300.jpg","width":640,"height":300,"mime_type":"image\/jpeg","source_url":"https:\/\/spirit-of-football.de\/wp-content\/uploads\/sites\/12\/2018\/09\/Buergerpreis-2018-Spirit-of-Football-4-c-Christian-Thiel-640x300.jpg"},"full":{"file":"Buergerpreis-2018-Spirit-of-Football-4-c-Christian-Thiel.jpg","width":1280,"height":853,"mime_type":"image\/jpeg","source_url":"https:\/\/spirit-of-football.de\/wp-content\/uploads\/sites\/12\/2018\/09\/Buergerpreis-2018-Spirit-of-Football-4-c-Christian-Thiel.jpg"}},"image_meta":{"aperture":"3.5","credit":"Christian Thiel","camera":"Canon EOS 5D Mark III","caption":"Deutschland, Berlin, Europ\u00e4isches Haus Berlin, Verleihung des Europ\u00e4ischen B\u00fcrgerpreises 2018, 24.09.2018\rFoto: Christian Thiel, ( email: mail@cthiel.com, mobil: +49(0)177-4815403, Nutzung nur mit Honorar, Belegexemplar, Namensnennung \rno modelrelease )","created_timestamp":"1537791874","copyright":"Christian Thiel","focal_length":"125","iso":"1600","shutter_speed":"0.00625","title":"European Citizens Prize 2018","orientation":"0","keywords":["Stadt","Europa","B\u00fcrgerpreis","Verleihung","Preistr\u00e4ger","Abgeordnete"]}},"post":9490,"source_url":"https:\/\/spirit-of-football.de\/wp-content\/uploads\/sites\/12\/2018\/09\/Buergerpreis-2018-Spirit-of-Football-4-c-Christian-Thiel.jpg","_links":{"self":[{"href":"https:\/\/spirit-of-football.de\/en\/wp-json\/wp\/v2\/media\/9501","targetHints":{"allow":["GET"]}}],"collection":[{"href":"https:\/\/spirit-of-football.de\/en\/wp-json\/wp\/v2\/media"}],"about":[{"href":"https:\/\/spirit-of-football.de\/en\/wp-json\/wp\/v2\/types\/attachment"}],"author":[{"embeddable":true,"href":"https:\/\/spirit-of-football.de\/en\/wp-json\/wp\/v2\/users\/8"}],"replies":[{"embeddable":true,"href":"https:\/\/spirit-of-football.de\/en\/wp-json\/wp\/v2\/comments?post=9501"}],"wp:attached-to":[{"embeddable":true,"post_type":"post","id":9490,"href":"https:\/\/spirit-of-football.de\/en\/wp-json\/wp\/v2\/posts\/9490"}],"curies":[{"name":"wp","href":"https:\/\/api.w.org\/{rel}","templated":true}]}}